{"id":1408,"date":"2022-05-04T11:44:33","date_gmt":"2022-05-04T09:44:33","guid":{"rendered":"https:\/\/www.dressy.design\/p\/balma-3\/"},"modified":"2023-07-24T11:38:29","modified_gmt":"2023-07-24T09:38:29","slug":"balma-chaiselongue","status":"publish","type":"product","link":"https:\/\/www.dressy.design\/es\/p\/balma-chaiselongue\/","title":{"rendered":"BALMA"},"content":{"rendered":"\t<div id=\"gap-1015191200\" class=\"gap-element clearfix hide-for-small\" style=\"display:block; height:auto;\">\n\t\t\n<style>\n#gap-1015191200 {\n  padding-top: 50px;\n}\n<\/style>\n\t<\/div>\n\t\n\t<div class=\"img has-hover x md-x lg-x y md-y lg-y\" id=\"image_470385936\">\n\t\t\t\t\t\t\t\t<div class=\"img-inner image-zoom dark\" >\n\t\t\t<img loading=\"lazy\" decoding=\"async\" width=\"1270\" height=\"800\" src=\"https:\/\/www.dressy.design\/wp-content\/uploads\/2021\/11\/Sofa-Balma-Chaiselonge_Producto_03.webp\" class=\"attachment-large size-large\" alt=\"\" srcset=\"https:\/\/www.dressy.design\/wp-content\/uploads\/2021\/11\/Sofa-Balma-Chaiselonge_Producto_03.webp 1270w, https:\/\/www.dressy.design\/wp-content\/uploads\/2021\/11\/Sofa-Balma-Chaiselonge_Producto_03-150x94.webp 150w, https:\/\/www.dressy.design\/wp-content\/uploads\/2021\/11\/Sofa-Balma-Chaiselonge_Producto_03-768x484.webp 768w, https:\/\/www.dressy.design\/wp-content\/uploads\/2021\/11\/Sofa-Balma-Chaiselonge_Producto_03-50x31.webp 50w, https:\/\/www.dressy.design\/wp-content\/uploads\/2021\/11\/Sofa-Balma-Chaiselonge_Producto_03-100x63.webp 100w, https:\/\/www.dressy.design\/wp-content\/uploads\/2021\/11\/Sofa-Balma-Chaiselonge_Producto_03-300x189.webp 300w, https:\/\/www.dressy.design\/wp-content\/uploads\/2021\/11\/Sofa-Balma-Chaiselonge_Producto_03-600x378.webp 600w\" sizes=\"auto, (max-width: 1270px) 100vw, 1270px\" \/>\t\t\t\t\t\t\n\t\t\t\t\t<\/div>\n\t\t\t\t\t\t\t\t\n<style>\n#image_470385936 {\n  width: 100%;\n}\n<\/style>\n\t<\/div>\n\t\n\t<div id=\"gap-709517207\" class=\"gap-element clearfix hide-for-small\" style=\"display:block; height:auto;\">\n\t\t\n<style>\n#gap-709517207 {\n  padding-top: 30px;\n}\n<\/style>\n\t<\/div>\n\t\n<p>Una balma es un abrigo de una cueva poco profunda, una concavidad en la roca formada por la erosi\u00f3n y el desgaste de la climatolog\u00eda, un refugio natural que puede protegernos en la naturaleza.<\/p>\n<p>Tomando como referencia este concepto y sus formas c\u00f3ncavas, Santiago Sevillano se ha inspirado para darle vida al sof\u00e1 Balma. Esta colecci\u00f3n modular de tapicer\u00eda nos ofrece un lugar donde descansar y relajarnos gracias a la comodidad de sus asientos mullidos y sus respaldos ligeramente curvados con almohadones, ofreci\u00e9ndonos una gran variedad de posibilidades para el entorno del sal\u00f3n.<\/p>\n\t<div id=\"gap-1625122820\" class=\"gap-element clearfix hide-for-small\" style=\"display:block; height:auto;\">\n\t\t\n<style>\n#gap-1625122820 {\n  padding-top: 0px;\n}\n<\/style>\n\t<\/div>\n\t\n<div class=\"row descripcion-parte-1\"  id=\"row-2014608018\">\n\n\t<div id=\"col-168900134\" class=\"col hide-for-small medium-5 small-12 large-5\"  >\n\t\t\t\t<div class=\"col-inner\"  >\n\t\t\t\n\t\t\t\n\t<div class=\"img has-hover x md-x lg-x y md-y lg-y\" id=\"image_1633129115\">\n\t\t\t\t\t\t\t\t<div class=\"img-inner image-zoom dark\" >\n\t\t\t<img loading=\"lazy\" decoding=\"async\" width=\"950\" height=\"800\" src=\"https:\/\/www.dressy.design\/wp-content\/uploads\/2021\/11\/Sofa-Balma-Chaiselonge_Producto_01.webp\" class=\"attachment-large size-large\" alt=\"\" srcset=\"https:\/\/www.dressy.design\/wp-content\/uploads\/2021\/11\/Sofa-Balma-Chaiselonge_Producto_01.webp 950w, https:\/\/www.dressy.design\/wp-content\/uploads\/2021\/11\/Sofa-Balma-Chaiselonge_Producto_01-150x126.webp 150w, https:\/\/www.dressy.design\/wp-content\/uploads\/2021\/11\/Sofa-Balma-Chaiselonge_Producto_01-768x647.webp 768w, https:\/\/www.dressy.design\/wp-content\/uploads\/2021\/11\/Sofa-Balma-Chaiselonge_Producto_01-50x42.webp 50w, https:\/\/www.dressy.design\/wp-content\/uploads\/2021\/11\/Sofa-Balma-Chaiselonge_Producto_01-100x84.webp 100w, https:\/\/www.dressy.design\/wp-content\/uploads\/2021\/11\/Sofa-Balma-Chaiselonge_Producto_01-300x253.webp 300w, https:\/\/www.dressy.design\/wp-content\/uploads\/2021\/11\/Sofa-Balma-Chaiselonge_Producto_01-600x505.webp 600w\" sizes=\"auto, (max-width: 950px) 100vw, 950px\" \/>\t\t\t\t\t\t\n\t\t\t\t\t<\/div>\n\t\t\t\t\t\t\t\t\n<style>\n#image_1633129115 {\n  width: 100%;\n}\n<\/style>\n\t<\/div>\n\t\n\t<div class=\"img has-hover x md-x lg-x y md-y lg-y\" id=\"image_1222288656\">\n\t\t\t\t\t\t\t\t<div class=\"img-inner image-zoom image-cover dark\" style=\"padding-top:84%;\">\n\t\t\t<img loading=\"lazy\" decoding=\"async\" width=\"1170\" height=\"800\" src=\"https:\/\/www.dressy.design\/wp-content\/uploads\/2021\/11\/Sofa-Balma-Chaiselonge_Producto_02.webp\" class=\"attachment-large size-large\" alt=\"\" srcset=\"https:\/\/www.dressy.design\/wp-content\/uploads\/2021\/11\/Sofa-Balma-Chaiselonge_Producto_02.webp 1170w, https:\/\/www.dressy.design\/wp-content\/uploads\/2021\/11\/Sofa-Balma-Chaiselonge_Producto_02-150x103.webp 150w, https:\/\/www.dressy.design\/wp-content\/uploads\/2021\/11\/Sofa-Balma-Chaiselonge_Producto_02-768x525.webp 768w, https:\/\/www.dressy.design\/wp-content\/uploads\/2021\/11\/Sofa-Balma-Chaiselonge_Producto_02-50x34.webp 50w, https:\/\/www.dressy.design\/wp-content\/uploads\/2021\/11\/Sofa-Balma-Chaiselonge_Producto_02-100x68.webp 100w, https:\/\/www.dressy.design\/wp-content\/uploads\/2021\/11\/Sofa-Balma-Chaiselonge_Producto_02-300x205.webp 300w, https:\/\/www.dressy.design\/wp-content\/uploads\/2021\/11\/Sofa-Balma-Chaiselonge_Producto_02-600x410.webp 600w\" sizes=\"auto, (max-width: 1170px) 100vw, 1170px\" \/>\t\t\t\t\t\t\n\t\t\t\t\t<\/div>\n\t\t\t\t\t\t\t\t\n<style>\n#image_1222288656 {\n  width: 100%;\n}\n<\/style>\n\t<\/div>\n\t\n\t\t<\/div>\n\t\t\t\t\t<\/div>\n\n\t\n\n\t<div id=\"col-1920034659\" class=\"col medium-7 small-12 large-7\"  data-animate=\"fadeInDown\">\n\t\t\t\t<div class=\"col-inner\"  >\n\t\t\t\n\t\t\t\n\t<div class=\"img has-hover x md-x lg-x y md-y lg-y\" id=\"image_1484987729\">\n\t\t\t\t\t\t\t\t<div class=\"img-inner image-zoom image-cover dark\" style=\"padding-top:843px;\">\n\t\t\t<img loading=\"lazy\" decoding=\"async\" width=\"700\" height=\"800\" src=\"https:\/\/www.dressy.design\/wp-content\/uploads\/2021\/11\/Sofa-Balma-Chaiselonge_Producto_04.webp\" class=\"attachment-large size-large\" alt=\"\" srcset=\"https:\/\/www.dressy.design\/wp-content\/uploads\/2021\/11\/Sofa-Balma-Chaiselonge_Producto_04.webp 700w, https:\/\/www.dressy.design\/wp-content\/uploads\/2021\/11\/Sofa-Balma-Chaiselonge_Producto_04-150x171.webp 150w, https:\/\/www.dressy.design\/wp-content\/uploads\/2021\/11\/Sofa-Balma-Chaiselonge_Producto_04-44x50.webp 44w, https:\/\/www.dressy.design\/wp-content\/uploads\/2021\/11\/Sofa-Balma-Chaiselonge_Producto_04-88x100.webp 88w, https:\/\/www.dressy.design\/wp-content\/uploads\/2021\/11\/Sofa-Balma-Chaiselonge_Producto_04-300x343.webp 300w, https:\/\/www.dressy.design\/wp-content\/uploads\/2021\/11\/Sofa-Balma-Chaiselonge_Producto_04-600x686.webp 600w\" sizes=\"auto, (max-width: 700px) 100vw, 700px\" \/>\t\t\t\t\t\t\n\t\t\t\t\t<\/div>\n\t\t\t\t\t\t\t\t\n<style>\n#image_1484987729 {\n  width: 100%;\n}\n<\/style>\n\t<\/div>\n\t\n\t\t<\/div>\n\t\t\t\t\t<\/div>\n\n\t\n\n\t<div id=\"col-237813956\" class=\"col medium-6 small-12 large-6\"  data-animate=\"fadeInDown\">\n\t\t\t\t<div class=\"col-inner\"  >\n\t\t\t\n\t\t\t\n\t\t<\/div>\n\t\t\t\t\t<\/div>\n\n\t\n\n\t<div id=\"col-1366118546\" class=\"col medium-3 small-12 large-3\"  data-animate=\"fadeInDown\">\n\t\t\t\t<div class=\"col-inner\"  >\n\t\t\t\n\t\t\t\n\t\t<\/div>\n\t\t\t\t\t<\/div>\n\n\t\n<\/div>\n\t<div id=\"gap-129578295\" class=\"gap-element clearfix hide-for-small\" style=\"display:block; height:auto;\">\n\t\t\n<style>\n#gap-129578295 {\n  padding-top: 50px;\n}\n<\/style>\n\t<\/div>\n\t\n","protected":false},"excerpt":{"rendered":"<p>Sof\u00e1 de tres piezas con chaise longue con reposabrazos altos o bajos de alto confort.<\/p>\n<p><strong>Dise\u00f1ador<\/strong><br \/>\n<a href=\"https:\/\/www.dressy.design\/es\/c\/disenadores\/santiago-sevillano\/\">Santiago Sevillano<\/a><\/p>\n","protected":false},"featured_media":2604,"template":"","meta":{"_acf_changed":false},"product_brand":[],"product_cat":[50,25,132],"product_tag":[],"class_list":{"0":"post-1408","1":"product","2":"type-product","3":"status-publish","4":"has-post-thumbnail","6":"product_cat-balma","7":"product_cat-santiago-sevillano","8":"product_cat-sofa","10":"first","11":"instock","12":"product-type-simple"},"acf":[],"yoast_head":"<!-- This site is optimized with the Yoast SEO plugin v27.2 - https:\/\/yoast.com\/product\/yoast-seo-wordpress\/ -->\n<title>Sof\u00e1 de tres piezas con chaise longue con reposabrazos altos Dressy<\/title>\n<meta name=\"description\" content=\"Sof\u00e1 de tres piezas con chaise longue con reposabrazos altos o bajos de alto confort dise\u00f1ado por Santiago Sevillano Dressy\" \/>\n<meta name=\"robots\" content=\"index, follow, max-snippet:-1, max-image-preview:large, max-video-preview:-1\" \/>\n<link rel=\"canonical\" href=\"https:\/\/www.dressy.design\/es\/p\/balma-chaiselongue\/\" \/>\n<meta property=\"og:locale\" content=\"es_ES\" \/>\n<meta property=\"og:type\" content=\"article\" \/>\n<meta property=\"og:title\" content=\"Sof\u00e1 de tres piezas con chaise longue con reposabrazos altos Dressy\" \/>\n<meta property=\"og:description\" content=\"Sof\u00e1 de tres piezas con chaise longue con reposabrazos altos o bajos de alto confort dise\u00f1ado por Santiago Sevillano Dressy\" \/>\n<meta property=\"og:url\" content=\"https:\/\/www.dressy.design\/es\/p\/balma-chaiselongue\/\" \/>\n<meta property=\"og:site_name\" content=\"Dressy\" \/>\n<meta property=\"article:modified_time\" content=\"2023-07-24T09:38:29+00:00\" \/>\n<meta property=\"og:image\" content=\"https:\/\/www.dressy.design\/wp-content\/uploads\/2021\/12\/p_Balma-Chaiselonge-1.webp\" \/>\n\t<meta property=\"og:image:width\" content=\"1195\" \/>\n\t<meta property=\"og:image:height\" content=\"1195\" \/>\n\t<meta property=\"og:image:type\" content=\"image\/webp\" \/>\n<meta name=\"twitter:card\" content=\"summary_large_image\" \/>\n<meta name=\"twitter:label1\" content=\"Tiempo de lectura\" \/>\n\t<meta name=\"twitter:data1\" content=\"1 minuto\" \/>\n<script type=\"application\/ld+json\" class=\"yoast-schema-graph\">{\"@context\":\"https:\/\/schema.org\",\"@graph\":[{\"@type\":\"WebPage\",\"@id\":\"https:\/\/www.dressy.design\/es\/p\/balma-chaiselongue\/\",\"url\":\"https:\/\/www.dressy.design\/es\/p\/balma-chaiselongue\/\",\"name\":\"Sof\u00e1 de tres piezas con chaise longue con reposabrazos altos Dressy\",\"isPartOf\":{\"@id\":\"https:\/\/www.dressy.design\/es\/#website\"},\"primaryImageOfPage\":{\"@id\":\"https:\/\/www.dressy.design\/es\/p\/balma-chaiselongue\/#primaryimage\"},\"image\":{\"@id\":\"https:\/\/www.dressy.design\/es\/p\/balma-chaiselongue\/#primaryimage\"},\"thumbnailUrl\":\"https:\/\/www.dressy.design\/wp-content\/uploads\/2021\/12\/p_Balma-Chaiselonge-1.webp\",\"datePublished\":\"2022-05-04T09:44:33+00:00\",\"dateModified\":\"2023-07-24T09:38:29+00:00\",\"description\":\"Sof\u00e1 de tres piezas con chaise longue con reposabrazos altos o bajos de alto confort dise\u00f1ado por Santiago Sevillano Dressy\",\"breadcrumb\":{\"@id\":\"https:\/\/www.dressy.design\/es\/p\/balma-chaiselongue\/#breadcrumb\"},\"inLanguage\":\"es\",\"potentialAction\":[{\"@type\":\"ReadAction\",\"target\":[\"https:\/\/www.dressy.design\/es\/p\/balma-chaiselongue\/\"]}]},{\"@type\":\"ImageObject\",\"inLanguage\":\"es\",\"@id\":\"https:\/\/www.dressy.design\/es\/p\/balma-chaiselongue\/#primaryimage\",\"url\":\"https:\/\/www.dressy.design\/wp-content\/uploads\/2021\/12\/p_Balma-Chaiselonge-1.webp\",\"contentUrl\":\"https:\/\/www.dressy.design\/wp-content\/uploads\/2021\/12\/p_Balma-Chaiselonge-1.webp\",\"width\":1195,\"height\":1195},{\"@type\":\"BreadcrumbList\",\"@id\":\"https:\/\/www.dressy.design\/es\/p\/balma-chaiselongue\/#breadcrumb\",\"itemListElement\":[{\"@type\":\"ListItem\",\"position\":1,\"name\":\"Portada\",\"item\":\"https:\/\/www.dressy.design\/es\/\"},{\"@type\":\"ListItem\",\"position\":2,\"name\":\"Tienda\",\"item\":\"https:\/\/www.dressy.design\/es\/?page_id=180\"},{\"@type\":\"ListItem\",\"position\":3,\"name\":\"BALMA\"}]},{\"@type\":\"WebSite\",\"@id\":\"https:\/\/www.dressy.design\/es\/#website\",\"url\":\"https:\/\/www.dressy.design\/es\/\",\"name\":\"Dressy\",\"description\":\"Sillas y mesas de m\u00e1xima calidad y dise\u00f1o\",\"potentialAction\":[{\"@type\":\"SearchAction\",\"target\":{\"@type\":\"EntryPoint\",\"urlTemplate\":\"https:\/\/www.dressy.design\/es\/?s={search_term_string}\"},\"query-input\":{\"@type\":\"PropertyValueSpecification\",\"valueRequired\":true,\"valueName\":\"search_term_string\"}}],\"inLanguage\":\"es\"}]}<\/script>\n<!-- \/ Yoast SEO plugin. -->","yoast_head_json":{"title":"Sof\u00e1 de tres piezas con chaise longue con reposabrazos altos Dressy","description":"Sof\u00e1 de tres piezas con chaise longue con reposabrazos altos o bajos de alto confort dise\u00f1ado por Santiago Sevillano Dressy","robots":{"index":"index","follow":"follow","max-snippet":"max-snippet:-1","max-image-preview":"max-image-preview:large","max-video-preview":"max-video-preview:-1"},"canonical":"https:\/\/www.dressy.design\/es\/p\/balma-chaiselongue\/","og_locale":"es_ES","og_type":"article","og_title":"Sof\u00e1 de tres piezas con chaise longue con reposabrazos altos Dressy","og_description":"Sof\u00e1 de tres piezas con chaise longue con reposabrazos altos o bajos de alto confort dise\u00f1ado por Santiago Sevillano Dressy","og_url":"https:\/\/www.dressy.design\/es\/p\/balma-chaiselongue\/","og_site_name":"Dressy","article_modified_time":"2023-07-24T09:38:29+00:00","og_image":[{"width":1195,"height":1195,"url":"https:\/\/www.dressy.design\/wp-content\/uploads\/2021\/12\/p_Balma-Chaiselonge-1.webp","type":"image\/webp"}],"twitter_card":"summary_large_image","twitter_misc":{"Tiempo de lectura":"1 minuto"},"schema":{"@context":"https:\/\/schema.org","@graph":[{"@type":"WebPage","@id":"https:\/\/www.dressy.design\/es\/p\/balma-chaiselongue\/","url":"https:\/\/www.dressy.design\/es\/p\/balma-chaiselongue\/","name":"Sof\u00e1 de tres piezas con chaise longue con reposabrazos altos Dressy","isPartOf":{"@id":"https:\/\/www.dressy.design\/es\/#website"},"primaryImageOfPage":{"@id":"https:\/\/www.dressy.design\/es\/p\/balma-chaiselongue\/#primaryimage"},"image":{"@id":"https:\/\/www.dressy.design\/es\/p\/balma-chaiselongue\/#primaryimage"},"thumbnailUrl":"https:\/\/www.dressy.design\/wp-content\/uploads\/2021\/12\/p_Balma-Chaiselonge-1.webp","datePublished":"2022-05-04T09:44:33+00:00","dateModified":"2023-07-24T09:38:29+00:00","description":"Sof\u00e1 de tres piezas con chaise longue con reposabrazos altos o bajos de alto confort dise\u00f1ado por Santiago Sevillano Dressy","breadcrumb":{"@id":"https:\/\/www.dressy.design\/es\/p\/balma-chaiselongue\/#breadcrumb"},"inLanguage":"es","potentialAction":[{"@type":"ReadAction","target":["https:\/\/www.dressy.design\/es\/p\/balma-chaiselongue\/"]}]},{"@type":"ImageObject","inLanguage":"es","@id":"https:\/\/www.dressy.design\/es\/p\/balma-chaiselongue\/#primaryimage","url":"https:\/\/www.dressy.design\/wp-content\/uploads\/2021\/12\/p_Balma-Chaiselonge-1.webp","contentUrl":"https:\/\/www.dressy.design\/wp-content\/uploads\/2021\/12\/p_Balma-Chaiselonge-1.webp","width":1195,"height":1195},{"@type":"BreadcrumbList","@id":"https:\/\/www.dressy.design\/es\/p\/balma-chaiselongue\/#breadcrumb","itemListElement":[{"@type":"ListItem","position":1,"name":"Portada","item":"https:\/\/www.dressy.design\/es\/"},{"@type":"ListItem","position":2,"name":"Tienda","item":"https:\/\/www.dressy.design\/es\/?page_id=180"},{"@type":"ListItem","position":3,"name":"BALMA"}]},{"@type":"WebSite","@id":"https:\/\/www.dressy.design\/es\/#website","url":"https:\/\/www.dressy.design\/es\/","name":"Dressy","description":"Sillas y mesas de m\u00e1xima calidad y dise\u00f1o","potentialAction":[{"@type":"SearchAction","target":{"@type":"EntryPoint","urlTemplate":"https:\/\/www.dressy.design\/es\/?s={search_term_string}"},"query-input":{"@type":"PropertyValueSpecification","valueRequired":true,"valueName":"search_term_string"}}],"inLanguage":"es"}]}},"_links":{"self":[{"href":"https:\/\/www.dressy.design\/es\/wp-json\/wp\/v2\/product\/1408","targetHints":{"allow":["GET"]}}],"collection":[{"href":"https:\/\/www.dressy.design\/es\/wp-json\/wp\/v2\/product"}],"about":[{"href":"https:\/\/www.dressy.design\/es\/wp-json\/wp\/v2\/types\/product"}],"wp:featuredmedia":[{"embeddable":true,"href":"https:\/\/www.dressy.design\/es\/wp-json\/wp\/v2\/media\/2604"}],"wp:attachment":[{"href":"https:\/\/www.dressy.design\/es\/wp-json\/wp\/v2\/media?parent=1408"}],"wp:term":[{"taxonomy":"product_brand","embeddable":true,"href":"https:\/\/www.dressy.design\/es\/wp-json\/wp\/v2\/product_brand?post=1408"},{"taxonomy":"product_cat","embeddable":true,"href":"https:\/\/www.dressy.design\/es\/wp-json\/wp\/v2\/product_cat?post=1408"},{"taxonomy":"product_tag","embeddable":true,"href":"https:\/\/www.dressy.design\/es\/wp-json\/wp\/v2\/product_tag?post=1408"}],"curies":[{"name":"wp","href":"https:\/\/api.w.org\/{rel}","templated":true}]}}